{"id":10,"date":"2015-08-19T10:18:36","date_gmt":"2015-08-19T10:18:36","guid":{"rendered":"http:\/\/aestudisreusencs.centrelectura.cat\/info\/?page_id=10"},"modified":"2025-11-20T17:35:57","modified_gmt":"2025-11-20T16:35:57","slug":"entitat","status":"publish","type":"page","link":"https:\/\/aestudisreusencs.centrelectura.cat\/info\/entitat\/","title":{"rendered":"L&#8217;entitat"},"content":{"rendered":"<div  class='av-hotspot-image-container av-pzh62-df5ef083a07a9d91d4f960ba2680e6d9  avia-builder-el-0  el_before_av_one_half  avia-builder-el-first  av-hotspot-blank av-mobile-fallback-active  av-non-fullwidth-hotspot-image'  itemprop=\"image\" itemscope=\"itemscope\" itemtype=\"https:\/\/schema.org\/ImageObject\" ><div class='av-hotspot-container'><div class='av-hotspot-container-inner-cell'><div class='av-hotspot-container-inner-wrap'><img decoding=\"async\" fetchpriority=\"high\" class='wp-image-267 avia-img-lazy-loading-not-267 avia_image' src=\"https:\/\/aestudisreusencs.centrelectura.cat\/info\/wp-content\/uploads\/2015\/08\/AER005.jpg\" alt='' title='AER005'  height=\"390\" width=\"1310\"  itemprop=\"thumbnailUrl\" srcset=\"https:\/\/aestudisreusencs.centrelectura.cat\/info\/wp-content\/uploads\/2015\/08\/AER005.jpg 1310w, https:\/\/aestudisreusencs.centrelectura.cat\/info\/wp-content\/uploads\/2015\/08\/AER005-300x89.jpg 300w, https:\/\/aestudisreusencs.centrelectura.cat\/info\/wp-content\/uploads\/2015\/08\/AER005-1030x307.jpg 1030w, https:\/\/aestudisreusencs.centrelectura.cat\/info\/wp-content\/uploads\/2015\/08\/AER005-705x210.jpg 705w, https:\/\/aestudisreusencs.centrelectura.cat\/info\/wp-content\/uploads\/2015\/08\/AER005-450x134.jpg 450w\" sizes=\"(max-width: 1310px) 100vw, 1310px\" \/><\/div><\/div><\/div><\/div>\n\n<style type=\"text\/css\" data-created_by=\"avia_inline_auto\" id=\"style-css-av-p5eu6-7e7206db40ff6e35993b6aea7a0d49a0\">\n.flex_column.av-p5eu6-7e7206db40ff6e35993b6aea7a0d49a0{\nborder-radius:0px 0px 0px 0px;\npadding:0px 0px 0px 0px;\n}\n<\/style>\n<div  class='flex_column av-p5eu6-7e7206db40ff6e35993b6aea7a0d49a0 av_one_half  avia-builder-el-1  el_after_av_image_hotspot  el_before_av_one_half  avia-builder-el-first  first flex_column_div av-zero-column-padding  '     ><p>\n<style type=\"text\/css\" data-created_by=\"avia_inline_auto\" id=\"style-css-av-omt0a-f82bf4a3f764981b7b36930edc2a38de\">\n#top .av-special-heading.av-omt0a-f82bf4a3f764981b7b36930edc2a38de{\npadding-bottom:20px;\n}\nbody .av-special-heading.av-omt0a-f82bf4a3f764981b7b36930edc2a38de .av-special-heading-tag .heading-char{\nfont-size:25px;\n}\n.av-special-heading.av-omt0a-f82bf4a3f764981b7b36930edc2a38de .av-subheading{\nfont-size:15px;\n}\n<\/style>\n<div  class='av-special-heading av-omt0a-f82bf4a3f764981b7b36930edc2a38de av-special-heading-h3  avia-builder-el-2  el_before_av_image  avia-builder-el-first '><h3 class='av-special-heading-tag '  itemprop=\"headline\"  >L\u2019Associaci\u00f3 d\u2019Estudis Reusencs<\/h3><div class=\"special-heading-border\"><div class=\"special-heading-inner-border\"><\/div><\/div><\/div><br \/>\n\n<style type=\"text\/css\" data-created_by=\"avia_inline_auto\" id=\"style-css-av-nxse2-a601daa7f0b1cf73e1eab6d285364a9d\">\n.avia-image-container.av-nxse2-a601daa7f0b1cf73e1eab6d285364a9d img.avia_image{\nbox-shadow:none;\n}\n.avia-image-container.av-nxse2-a601daa7f0b1cf73e1eab6d285364a9d .av-image-caption-overlay-center{\ncolor:#ffffff;\n}\n<\/style>\n<div  class='avia-image-container av-nxse2-a601daa7f0b1cf73e1eab6d285364a9d av-styling- avia-align-center  avia-builder-el-3  el_after_av_heading  el_before_av_textblock '   itemprop=\"image\" itemscope=\"itemscope\" itemtype=\"https:\/\/schema.org\/ImageObject\" ><div class=\"avia-image-container-inner\"><div class=\"avia-image-overlay-wrap\"><img decoding=\"async\" fetchpriority=\"high\" class='wp-image-270 avia-img-lazy-loading-not-270 avia_image ' src=\"https:\/\/aestudisreusencs.centrelectura.cat\/info\/wp-content\/uploads\/2015\/08\/AER002.jpg\" alt='' title='AER002'  height=\"534\" width=\"800\"  itemprop=\"thumbnailUrl\" srcset=\"https:\/\/aestudisreusencs.centrelectura.cat\/info\/wp-content\/uploads\/2015\/08\/AER002.jpg 800w, https:\/\/aestudisreusencs.centrelectura.cat\/info\/wp-content\/uploads\/2015\/08\/AER002-300x200.jpg 300w, https:\/\/aestudisreusencs.centrelectura.cat\/info\/wp-content\/uploads\/2015\/08\/AER002-705x471.jpg 705w, https:\/\/aestudisreusencs.centrelectura.cat\/info\/wp-content\/uploads\/2015\/08\/AER002-450x300.jpg 450w\" sizes=\"(max-width: 800px) 100vw, 800px\" \/><\/div><\/div><\/div><br \/>\n<section  class='av_textblock_section av-nqpzq-94b53ea123df3ab2a352e6cac21861d7 '   itemscope=\"itemscope\" itemtype=\"https:\/\/schema.org\/CreativeWork\" ><div class='avia_textblock'  itemprop=\"text\" ><p style=\"text-align: justify;\">L&#8217;Associaci\u00f3 d&#8217;Estudis Reusencs (AER) \u00e9s una entitat sense \u00e0nim de lucre creada l&#8217;any 1952.<\/p>\n<p style=\"text-align: justify;\">L\u2019AER desenvolupa les seves activitats al Camp de Tarragona i a la zona d\u2019influ\u00e8ncia de la ciutat de Reus.<\/p>\n<p style=\"text-align: justify;\">Els cent trenta-tres volums publicats per l\u2019AER des de 1952 deixen const\u00e0ncia d\u2019una tasca fecunda en pro de la ci\u00e8ncia i de la cultura en general del nostre \u00e0mbit territorial. Nom\u00e9s cal llegir els t\u00edtols apareguts a la col\u00b7lecci\u00f3 \u201cRosa de Reus\u201d per adonar-se de la important contribuci\u00f3 patrimonial que els diferents autors i editors han fet \u2013que hem fet\u2013 a la nostra comunitat.<\/p>\n<\/div><\/section><\/p><\/div>\n\n<style type=\"text\/css\" data-created_by=\"avia_inline_auto\" id=\"style-css-av-mpow2-8fff5867a390ddca38ac69704bf88da7\">\n.flex_column.av-mpow2-8fff5867a390ddca38ac69704bf88da7{\nborder-radius:0px 0px 0px 0px;\npadding:0px 0px 0px 0px;\n}\n<\/style>\n<div  class='flex_column av-mpow2-8fff5867a390ddca38ac69704bf88da7 av_one_half  avia-builder-el-5  el_after_av_one_half  el_before_av_image  flex_column_div av-zero-column-padding  '     ><p>\n<style type=\"text\/css\" data-created_by=\"avia_inline_auto\" id=\"style-css-av-m5rdi-578fac00f14b84755a735eaa4544e275\">\n#top .av-special-heading.av-m5rdi-578fac00f14b84755a735eaa4544e275{\npadding-bottom:10px;\n}\nbody .av-special-heading.av-m5rdi-578fac00f14b84755a735eaa4544e275 .av-special-heading-tag .heading-char{\nfont-size:25px;\n}\n.av-special-heading.av-m5rdi-578fac00f14b84755a735eaa4544e275 .av-subheading{\nfont-size:15px;\n}\n<\/style>\n<div  class='av-special-heading av-m5rdi-578fac00f14b84755a735eaa4544e275 av-special-heading-h3  avia-builder-el-6  el_before_av_iconlist  avia-builder-el-first '><h3 class='av-special-heading-tag '  itemprop=\"headline\"  >Els seus fins i finalitats s\u00f3n:<\/h3><div class=\"special-heading-border\"><div class=\"special-heading-inner-border\"><\/div><\/div><\/div><br \/>\n\n<style type=\"text\/css\" data-created_by=\"avia_inline_auto\" id=\"style-css-av-luio2-913847fbdfc86a59b63da12e9cb94d2f\">\n#top .avia-icon-list-container.av-luio2-913847fbdfc86a59b63da12e9cb94d2f .iconlist_icon{\ncolor:#ffffff;\nbackground-color:#ba1c01;\n}\n<\/style>\n<div  class='avia-icon-list-container av-luio2-913847fbdfc86a59b63da12e9cb94d2f  avia-builder-el-7  el_after_av_heading  avia-builder-el-last '><ul class='avia-icon-list avia_animate_when_almost_visible avia-icon-list-left av-iconlist-big av-luio2-913847fbdfc86a59b63da12e9cb94d2f avia-iconlist-animate'>\n<li><div class='iconlist_icon av-l53jm-7a23006b1c5335e02d28deb189ed1489 avia-font-entypo-fontello'><span class='iconlist-char' aria-hidden='true' data-av_icon='\ue84e' data-av_iconfont='entypo-fontello'><\/span><\/div><article class=\"article-icon-entry \"  itemscope=\"itemscope\" itemtype=\"https:\/\/schema.org\/CreativeWork\" ><div class=\"iconlist_content_wrap\"><header class=\"entry-content-header\" aria-label=\"Icon: \"><\/header><div class='iconlist_content '  itemprop=\"text\" ><p>L&#8217;estudi i la divulgaci\u00f3 biogr\u00e0fica i cr\u00edtica de la persona i de l\u2019obra de tots aquells fills de Reus, o de la seva comarca, que s&#8217;hagin destacat per les seves activitats culturals, art\u00edstiques, econ\u00f2miques, socials o pol\u00edtiques.<\/p>\n<\/div><\/div><footer class=\"entry-footer\"><\/footer><\/article><div class=\"iconlist-timeline\"><\/div><\/li>\n<li><div class='iconlist_icon av-7cii-4ce31452b5580a0a2874173978ff44b4 avia-font-entypo-fontello'><span class='iconlist-char' aria-hidden='true' data-av_icon='\ue84f' data-av_iconfont='entypo-fontello'><\/span><\/div><article class=\"article-icon-entry \"  itemscope=\"itemscope\" itemtype=\"https:\/\/schema.org\/CreativeWork\" ><div class=\"iconlist_content_wrap\"><header class=\"entry-content-header\" aria-label=\"Icon: \"><\/header><div class='iconlist_content '  itemprop=\"text\" ><p>La catalogaci\u00f3 ordenada de la riquesa arqueol\u00f2gica, art\u00edstica, hist\u00f2rica, onom\u00e0stica i folkl\u00f2rica de Reus i de la seva comarca, sense menystenir les aportacions alienes, ni prescindir de les irradiacions pr\u00f2pies a fora de l&#8217;\u00e0mbit territorial.<\/p>\n<\/div><\/div><footer class=\"entry-footer\"><\/footer><\/article><div class=\"iconlist-timeline\"><\/div><\/li>\n<li><div class='iconlist_icon av-jybqa-277dbd3f765c806d7e153e12028865ea avia-font-entypo-fontello'><span class='iconlist-char' aria-hidden='true' data-av_icon='\ue84f' data-av_iconfont='entypo-fontello'><\/span><\/div><article class=\"article-icon-entry \"  itemscope=\"itemscope\" itemtype=\"https:\/\/schema.org\/CreativeWork\" ><div class=\"iconlist_content_wrap\"><header class=\"entry-content-header\" aria-label=\"Icon: \"><\/header><div class='iconlist_content '  itemprop=\"text\" ><p>L&#8217;edici\u00f3, sota el segell de \u201cRosa de Reus\u201d, de totes aquelles obres que l&#8217;AER acordi publicar, per la difusi\u00f3 del patrimoni literari, art\u00edstic, cultural i cient\u00edfic general, i molt especialment de Reus i la seva comarca i la seva \u00e0rea d&#8217;influ\u00e8ncia.<\/p>\n<\/div><\/div><footer class=\"entry-footer\"><\/footer><\/article><div class=\"iconlist-timeline\"><\/div><\/li>\n<\/ul><\/div><\/p><\/div>\n\n<style type=\"text\/css\" data-created_by=\"avia_inline_auto\" id=\"style-css-av-jd7me-d081624b1b53b8a649a02fe05fa34708\">\n.avia-image-container.av-jd7me-d081624b1b53b8a649a02fe05fa34708 img.avia_image{\nbox-shadow:none;\n}\n.avia-image-container.av-jd7me-d081624b1b53b8a649a02fe05fa34708 .av-image-caption-overlay-center{\ncolor:#ffffff;\n}\n<\/style>\n<div  class='avia-image-container av-jd7me-d081624b1b53b8a649a02fe05fa34708 av-styling- avia_animated_image av-animated-when-visible-95 bottom-to-top avia-align-center  avia-builder-el-8  el_after_av_one_half  el_before_av_hr '   itemprop=\"image\" itemscope=\"itemscope\" itemtype=\"https:\/\/schema.org\/ImageObject\" ><div class=\"avia-image-container-inner\"><div class=\"avia-image-overlay-wrap\"><img decoding=\"async\" fetchpriority=\"high\" class='wp-image-272 avia-img-lazy-loading-not-272 avia_image ' src=\"https:\/\/aestudisreusencs.centrelectura.cat\/info\/wp-content\/uploads\/2015\/08\/AER006.jpg\" alt='' title='AER006'  height=\"414\" width=\"800\"  itemprop=\"thumbnailUrl\" srcset=\"https:\/\/aestudisreusencs.centrelectura.cat\/info\/wp-content\/uploads\/2015\/08\/AER006.jpg 800w, https:\/\/aestudisreusencs.centrelectura.cat\/info\/wp-content\/uploads\/2015\/08\/AER006-300x155.jpg 300w, https:\/\/aestudisreusencs.centrelectura.cat\/info\/wp-content\/uploads\/2015\/08\/AER006-705x365.jpg 705w, https:\/\/aestudisreusencs.centrelectura.cat\/info\/wp-content\/uploads\/2015\/08\/AER006-450x233.jpg 450w\" sizes=\"(max-width: 800px) 100vw, 800px\" \/><\/div><\/div><\/div>\n\n<style type=\"text\/css\" data-created_by=\"avia_inline_auto\" id=\"style-css-av-iwbd6-fd2cc5d33d8647693da60637066d3ffe\">\n#top .hr.hr-invisible.av-iwbd6-fd2cc5d33d8647693da60637066d3ffe{\nheight:10px;\n}\n<\/style>\n<div  class='hr av-iwbd6-fd2cc5d33d8647693da60637066d3ffe hr-invisible  avia-builder-el-9  el_after_av_image  el_before_av_heading '><span class='hr-inner '><span class=\"hr-inner-style\"><\/span><\/span><\/div>\n\n<style type=\"text\/css\" data-created_by=\"avia_inline_auto\" id=\"style-css-av-1u8ni-7878d3ef37bc7edcfa36e7141ddf6459\">\n#top .av-special-heading.av-1u8ni-7878d3ef37bc7edcfa36e7141ddf6459{\npadding-bottom:10px;\n}\nbody .av-special-heading.av-1u8ni-7878d3ef37bc7edcfa36e7141ddf6459 .av-special-heading-tag .heading-char{\nfont-size:25px;\n}\n.av-special-heading.av-1u8ni-7878d3ef37bc7edcfa36e7141ddf6459 .av-subheading{\nfont-size:15px;\n}\n<\/style>\n<div  class='av-special-heading av-1u8ni-7878d3ef37bc7edcfa36e7141ddf6459 av-special-heading-h3  avia-builder-el-10  el_after_av_hr  el_before_av_table '><h3 class='av-special-heading-tag '  itemprop=\"headline\"  >Presidents<\/h3><div class=\"special-heading-border\"><div class=\"special-heading-inner-border\"><\/div><\/div><\/div>\n<div class='avia-data-table-wrap av-hodqa-e30bd6634a9b1f53400420d4b399d44b avia_scrollable_table avia-table-1'><table  class='avia-table avia-data-table avia_pricing_default  avia-builder-el-11  el_after_av_heading  avia-builder-el-last '  itemscope=\"itemscope\" itemtype=\"https:\/\/schema.org\/Table\" ><tbody><tr class=''><td class=''>1952 \u2013 1967 <\/td><th class='avia-desc-col'>Gaiet\u00e0 Vilella Puig<\/th><td class=''><a href=\"https:\/\/ca.wikipedia.org\/wiki\/Gaiet%C3%A0_Vilella_Puig\" target=\"blank\" rel=\"noopener\">Veure a la Wikipedia<\/a><\/td><\/tr><tr class=''><td class=''>1967 \u2013 1975<\/td><th class='avia-desc-col'>Salvador Vilaseca Anguera<\/th><td class=''><a href=\"https:\/\/ca.wikipedia.org\/wiki\/Salvador_Vilaseca_i_Anguera\" target=\"blank\" rel=\"noopener\">Veure a la Wikipedia<\/a><\/td><\/tr><tr class=''><td class=''>1975 \u2013 1979 <\/td><th class='avia-desc-col'>Llu\u00efsa Vilaseca Borr\u00e0s<\/th><td class=''><a href=\"https:\/\/ca.wikipedia.org\/wiki\/Llu%C3%AFsa_Vilaseca_Borr%C3%A0s\" target=\"blank\" rel=\"noopener\">Veure a la Wikipedia<\/a><\/td><\/tr><tr class=''><td class=''>1979 \u2013 1997<\/td><th class='avia-desc-col'>Ramon Amig\u00f3 Angl\u00e8s<\/th><td class=''><a href=\"https:\/\/ca.wikipedia.org\/wiki\/Ramon_Amig%C3%B3_Angl%C3%A8s\" target=\"blank\" rel=\"noopener\">Veure a la Wikipedia<\/a><\/td><\/tr><tr class=''><td class=''>1997 \u2013 2010<\/td><th class='avia-desc-col'>Pere Anguera Nolla<\/th><td class=''><a href=\"https:\/\/ca.wikipedia.org\/wiki\/Pere_Anguera_Nolla\" target=\"blank\" rel=\"noopener\">Veure a la Wikipedia<\/a><\/td><\/tr><tr class=''><td class=''>2010<\/td><th class='avia-desc-col'>Jaume Mass\u00f3 Carballido<\/th><td class=''><\/td><\/tr><tr class=''><td class=''>2010 \u2013 2012<\/td><th class='avia-desc-col'>Carles Maristany Ti\u00f3<\/th><td class=''><\/td><\/tr><tr class=''><td class=''>2012 &#8211;<\/td><th class='avia-desc-col'>Josep M. Casanoves Dolcet<\/th><td class=''><\/td><\/tr><\/tbody><\/table><\/div>\n","protected":false},"excerpt":{"rendered":"","protected":false},"author":1,"featured_media":0,"parent":0,"menu_order":0,"comment_status":"open","ping_status":"open","template":"","meta":{"footnotes":""},"class_list":["post-10","page","type-page","status-publish","hentry"],"_links":{"self":[{"href":"https:\/\/aestudisreusencs.centrelectura.cat\/info\/wp-json\/wp\/v2\/pages\/10","targetHints":{"allow":["GET"]}}],"collection":[{"href":"https:\/\/aestudisreusencs.centrelectura.cat\/info\/wp-json\/wp\/v2\/pages"}],"about":[{"href":"https:\/\/aestudisreusencs.centrelectura.cat\/info\/wp-json\/wp\/v2\/types\/page"}],"author":[{"embeddable":true,"href":"https:\/\/aestudisreusencs.centrelectura.cat\/info\/wp-json\/wp\/v2\/users\/1"}],"replies":[{"embeddable":true,"href":"https:\/\/aestudisreusencs.centrelectura.cat\/info\/wp-json\/wp\/v2\/comments?post=10"}],"version-history":[{"count":37,"href":"https:\/\/aestudisreusencs.centrelectura.cat\/info\/wp-json\/wp\/v2\/pages\/10\/revisions"}],"predecessor-version":[{"id":53,"href":"https:\/\/aestudisreusencs.centrelectura.cat\/info\/wp-json\/wp\/v2\/pages\/10\/revisions\/53"}],"wp:attachment":[{"href":"https:\/\/aestudisreusencs.centrelectura.cat\/info\/wp-json\/wp\/v2\/media?parent=10"}],"curies":[{"name":"wp","href":"https:\/\/api.w.org\/{rel}","templated":true}]}}