{"id":15,"date":"2015-08-19T10:19:22","date_gmt":"2015-08-19T10:19:22","guid":{"rendered":"http:\/\/aestudisreusencs.centrelectura.cat\/info\/?page_id=15"},"modified":"2015-09-22T20:06:51","modified_gmt":"2015-09-22T20:06:51","slug":"noticies","status":"publish","type":"page","link":"https:\/\/aestudisreusencs.centrelectura.cat\/info\/noticies\/","title":{"rendered":"Not\u00edcies"},"content":{"rendered":"<div  class='av-alb-blogposts template-blog  av-blog-meta-author-disabled av-blog-meta-category-disabled av-blog-meta-html-info-disabled '  itemscope=\"itemscope\" itemtype=\"https:\/\/schema.org\/Blog\" ><article class=\"post-entry post-entry-type-standard post-entry-307 post-loop-1 post-parity-odd single-big with-slider post-307 post type-post status-publish format-standard has-post-thumbnail hentry category-general\"  itemscope=\"itemscope\" itemtype=\"https:\/\/schema.org\/BlogPosting\" ><div class=\"big-preview single-big\"  itemprop=\"image\" itemscope=\"itemscope\" itemtype=\"https:\/\/schema.org\/ImageObject\" ><a href=\"https:\/\/aestudisreusencs.centrelectura.cat\/info\/presentacio-del-volum-134-de-les-edicions-rosa-de-reus\/\"  title=\"obra-poetica-arnavat-04\" ><img decoding=\"async\" loading=\"lazy\" width=\"845\" height=\"321\" src=\"https:\/\/aestudisreusencs.centrelectura.cat\/info\/wp-content\/uploads\/2017\/06\/obra-poetica-arnavat-04-845x321.jpg\" class=\"wp-image-308 avia-img-lazy-loading-308 attachment-entry_with_sidebar size-entry_with_sidebar wp-post-image\" alt=\"\" \/><\/a><\/div><div class=\"blog-meta\"><\/div><div class='entry-content-wrapper clearfix standard-content'><header class=\"entry-content-header\" aria-label=\"Post: Presentaci\u00f3 del volum 134 de les Edicions Rosa de Reus\"><h2 class='post-title entry-title '  itemprop=\"headline\" ><a href=\"https:\/\/aestudisreusencs.centrelectura.cat\/info\/presentacio-del-volum-134-de-les-edicions-rosa-de-reus\/\" rel=\"bookmark\" title=\"Permanent Link: Presentaci\u00f3 del volum 134 de les Edicions Rosa de Reus\">Presentaci\u00f3 del volum 134 de les Edicions Rosa de Reus<span class=\"post-format-icon minor-meta\"><\/span><\/a><\/h2><span class=\"post-meta-infos\"><time class=\"date-container minor-meta updated\"  itemprop=\"datePublished\" datetime=\"2017-06-15T16:11:28+02:00\" >15 de juny de 2017<\/time><span class=\"text-sep\">\/<\/span><span class=\"comment-container minor-meta\"><a href=\"https:\/\/aestudisreusencs.centrelectura.cat\/info\/presentacio-del-volum-134-de-les-edicions-rosa-de-reus\/#respond\" class=\"comments-link\" >0 Comentaris<\/a><\/span><\/span><\/header><div class=\"entry-content\"  itemprop=\"text\" ><p>El proppassat dia 30 de maig de 2017, a la sala d\u2019actes del Centre de Lectura va tenir lloc la presentaci\u00f3 del volum 134 de les Edicions Rosa de Reus, Josep Maria Arnavat Vilar\u00f3 (1917-1976), Obra po\u00e8tica. L\u2019edici\u00f3 del llibre ha estat a cura de Carles Maristany amb la col\u00b7laboraci\u00f3 inestimable de Joaquim Mallafr\u00e9. En [&hellip;]<\/p>\n<div class=\"read-more-link\"><a href=\"https:\/\/aestudisreusencs.centrelectura.cat\/info\/presentacio-del-volum-134-de-les-edicions-rosa-de-reus\/\" class=\"more-link\">Llegir m\u00e9s<span class=\"more-link-arrow\"><\/span><\/a><\/div>\n<\/div><footer class=\"entry-footer\"><\/footer><div class='post_delimiter'><\/div><\/div><div class=\"post_author_timeline\"><\/div><span class='hidden'>\n\t\t\t\t<span class='av-structured-data'  itemprop=\"image\" itemscope=\"itemscope\" itemtype=\"https:\/\/schema.org\/ImageObject\" >\n\t\t\t\t\t\t<span itemprop='url'>https:\/\/aestudisreusencs.centrelectura.cat\/info\/wp-content\/uploads\/2017\/06\/obra-poetica-arnavat-04.jpg<\/span>\n\t\t\t\t\t\t<span itemprop='height'>439<\/span>\n\t\t\t\t\t\t<span itemprop='width'>845<\/span>\n\t\t\t\t<\/span>\n\t\t\t\t<span class='av-structured-data'  itemprop=\"publisher\" itemtype=\"https:\/\/schema.org\/Organization\" itemscope=\"itemscope\" >\n\t\t\t\t\t\t<span itemprop='name'>Associaci\u00f3 d'Estudis Reusencs<\/span>\n\t\t\t\t\t\t<span itemprop='logo' itemscope itemtype='https:\/\/schema.org\/ImageObject'>\n\t\t\t\t\t\t\t<span itemprop='url'>http:\/\/aestudisreusencs.centrelectura.cat\/info\/wp-content\/uploads\/2015\/11\/logo_aer.png<\/span>\n\t\t\t\t\t\t<\/span>\n\t\t\t\t<\/span><span class='av-structured-data'  itemprop=\"author\" itemscope=\"itemscope\" itemtype=\"https:\/\/schema.org\/Person\" ><span itemprop='name'>Associaci\u00f3 d'Estudis Reusencs<\/span><\/span><span class='av-structured-data'  itemprop=\"datePublished\" datetime=\"2017-06-15T16:11:28+02:00\" >2017-06-15 16:11:28<\/span><span class='av-structured-data'  itemprop=\"dateModified\" itemtype=\"https:\/\/schema.org\/dateModified\" >2017-06-15 16:14:56<\/span><span class='av-structured-data'  itemprop=\"mainEntityOfPage\" itemtype=\"https:\/\/schema.org\/mainEntityOfPage\" ><span itemprop='name'>Presentaci\u00f3 del volum 134 de les Edicions Rosa de Reus<\/span><\/span><\/span><\/article><article class=\"post-entry post-entry-type-standard post-entry-1 post-loop-2 post-parity-even post-entry-last single-big with-slider post-1 post type-post status-publish format-standard has-post-thumbnail hentry category-general\"  itemscope=\"itemscope\" itemtype=\"https:\/\/schema.org\/BlogPosting\" ><div class=\"big-preview single-big\"  itemprop=\"image\" itemscope=\"itemscope\" itemtype=\"https:\/\/schema.org\/ImageObject\" ><a href=\"https:\/\/aestudisreusencs.centrelectura.cat\/info\/benvinguts\/\"  title=\"noticia\" ><img decoding=\"async\" loading=\"lazy\" width=\"845\" height=\"321\" src=\"https:\/\/aestudisreusencs.centrelectura.cat\/info\/wp-content\/uploads\/2015\/08\/noticia-845x321.jpg\" class=\"wp-image-115 avia-img-lazy-loading-115 attachment-entry_with_sidebar size-entry_with_sidebar wp-post-image\" alt=\"\" \/><\/a><\/div><div class=\"blog-meta\"><\/div><div class='entry-content-wrapper clearfix standard-content'><header class=\"entry-content-header\" aria-label=\"Post: 60 anys de la Rosa\"><h2 class='post-title entry-title '  itemprop=\"headline\" ><a href=\"https:\/\/aestudisreusencs.centrelectura.cat\/info\/benvinguts\/\" rel=\"bookmark\" title=\"Permanent Link: 60 anys de la Rosa\">60 anys de la Rosa<span class=\"post-format-icon minor-meta\"><\/span><\/a><\/h2><span class=\"post-meta-infos\"><time class=\"date-container minor-meta updated\"  itemprop=\"datePublished\" datetime=\"2012-12-10T09:28:43+01:00\" >10 de desembre de 2012<\/time><span class=\"text-sep\">\/<\/span><span class=\"comment-container minor-meta\"><a href=\"https:\/\/aestudisreusencs.centrelectura.cat\/info\/benvinguts\/#respond\" class=\"comments-link\" >0 Comentaris<\/a><\/span><\/span><\/header><div class=\"entry-content\"  itemprop=\"text\" ><p>L\u2019Associaci\u00f3 d\u2019Estudis Reusencs (AER) ha celebrat enguany\u00a0seixanta anys de vida, un aniversari que ha passat desapercebut\u00a0malgrat la important tasca editora de l\u2019entitat a trav\u00e9s del\u00a0segell Edicions Rosa de Reus. L\u2019AER vol emprendre nous\u00a0camins despr\u00e9s de la desaparici\u00f3 dels que foren dos dels seus\u00a0grans impulsors, Ramon Amig\u00f3 i Pere Anguera, i enmig de les\u00a0dificultats econ\u00f2miques i [&hellip;]<\/p>\n<div class=\"read-more-link\"><a href=\"https:\/\/aestudisreusencs.centrelectura.cat\/info\/benvinguts\/\" class=\"more-link\">Llegir m\u00e9s<span class=\"more-link-arrow\"><\/span><\/a><\/div>\n<\/div><footer class=\"entry-footer\"><\/footer><div class='post_delimiter'><\/div><\/div><div class=\"post_author_timeline\"><\/div><span class='hidden'>\n\t\t\t\t<span class='av-structured-data'  itemprop=\"image\" itemscope=\"itemscope\" itemtype=\"https:\/\/schema.org\/ImageObject\" >\n\t\t\t\t\t\t<span itemprop='url'>https:\/\/aestudisreusencs.centrelectura.cat\/info\/wp-content\/uploads\/2015\/08\/noticia.jpg<\/span>\n\t\t\t\t\t\t<span itemprop='height'>439<\/span>\n\t\t\t\t\t\t<span itemprop='width'>845<\/span>\n\t\t\t\t<\/span>\n\t\t\t\t<span class='av-structured-data'  itemprop=\"publisher\" itemtype=\"https:\/\/schema.org\/Organization\" itemscope=\"itemscope\" >\n\t\t\t\t\t\t<span itemprop='name'>Associaci\u00f3 d'Estudis Reusencs<\/span>\n\t\t\t\t\t\t<span itemprop='logo' itemscope itemtype='https:\/\/schema.org\/ImageObject'>\n\t\t\t\t\t\t\t<span itemprop='url'>http:\/\/aestudisreusencs.centrelectura.cat\/info\/wp-content\/uploads\/2015\/11\/logo_aer.png<\/span>\n\t\t\t\t\t\t<\/span>\n\t\t\t\t<\/span><span class='av-structured-data'  itemprop=\"author\" itemscope=\"itemscope\" itemtype=\"https:\/\/schema.org\/Person\" ><span itemprop='name'>Associaci\u00f3 d'Estudis Reusencs<\/span><\/span><span class='av-structured-data'  itemprop=\"datePublished\" datetime=\"2012-12-10T09:28:43+01:00\" >2012-12-10 09:28:43<\/span><span class='av-structured-data'  itemprop=\"dateModified\" itemtype=\"https:\/\/schema.org\/dateModified\" >2024-11-27 18:52:36<\/span><span class='av-structured-data'  itemprop=\"mainEntityOfPage\" itemtype=\"https:\/\/schema.org\/mainEntityOfPage\" ><span itemprop='name'>60 anys de la Rosa<\/span><\/span><\/span><\/article><div class='single-big'><\/div><\/div>\n","protected":false},"excerpt":{"rendered":"","protected":false},"author":1,"featured_media":0,"parent":0,"menu_order":0,"comment_status":"open","ping_status":"open","template":"","meta":{"footnotes":""},"class_list":["post-15","page","type-page","status-publish","hentry"],"_links":{"self":[{"href":"https:\/\/aestudisreusencs.centrelectura.cat\/info\/wp-json\/wp\/v2\/pages\/15","targetHints":{"allow":["GET"]}}],"collection":[{"href":"https:\/\/aestudisreusencs.centrelectura.cat\/info\/wp-json\/wp\/v2\/pages"}],"about":[{"href":"https:\/\/aestudisreusencs.centrelectura.cat\/info\/wp-json\/wp\/v2\/types\/page"}],"author":[{"embeddable":true,"href":"https:\/\/aestudisreusencs.centrelectura.cat\/info\/wp-json\/wp\/v2\/users\/1"}],"replies":[{"embeddable":true,"href":"https:\/\/aestudisreusencs.centrelectura.cat\/info\/wp-json\/wp\/v2\/comments?post=15"}],"version-history":[{"count":3,"href":"https:\/\/aestudisreusencs.centrelectura.cat\/info\/wp-json\/wp\/v2\/pages\/15\/revisions"}],"predecessor-version":[{"id":167,"href":"https:\/\/aestudisreusencs.centrelectura.cat\/info\/wp-json\/wp\/v2\/pages\/15\/revisions\/167"}],"wp:attachment":[{"href":"https:\/\/aestudisreusencs.centrelectura.cat\/info\/wp-json\/wp\/v2\/media?parent=15"}],"curies":[{"name":"wp","href":"https:\/\/api.w.org\/{rel}","templated":true}]}}