{"id":152,"date":"2015-09-16T09:58:18","date_gmt":"2015-09-16T09:58:18","guid":{"rendered":"http:\/\/aestudisreusencs.centrelectura.cat\/info\/?page_id=152"},"modified":"2015-11-19T10:13:07","modified_gmt":"2015-11-19T10:13:07","slug":"miscel%c2%b7lania","status":"publish","type":"page","link":"https:\/\/aestudisreusencs.centrelectura.cat\/info\/miscel%c2%b7lania\/","title":{"rendered":"Miscel\u00b7l\u00e0nia"},"content":{"rendered":"\n<style type=\"text\/css\" data-created_by=\"avia_inline_auto\" id=\"style-css-av-av_heading-2d674e722147c4ca96ffd8e59c22fca8\">\n#top .av-special-heading.av-av_heading-2d674e722147c4ca96ffd8e59c22fca8{\npadding-bottom:10px;\n}\nbody .av-special-heading.av-av_heading-2d674e722147c4ca96ffd8e59c22fca8 .av-special-heading-tag .heading-char{\nfont-size:25px;\n}\n.av-special-heading.av-av_heading-2d674e722147c4ca96ffd8e59c22fca8 .av-subheading{\nfont-size:15px;\n}\n<\/style>\n<div  class='av-special-heading av-av_heading-2d674e722147c4ca96ffd8e59c22fca8 av-special-heading-h3  avia-builder-el-0  el_before_av_blog  avia-builder-el-first '><h3 class='av-special-heading-tag '  itemprop=\"headline\"  >Articles, opuscles i col\u00b7laboracions diverses.<\/h3><div class=\"special-heading-border\"><div class=\"special-heading-inner-border\"><\/div><\/div><\/div>\n<div  class='av-alb-blogposts template-blog  av-blog-meta-author-disabled av-blog-meta-category-disabled av-blog-meta-html-info-disabled '  itemscope=\"itemscope\" itemtype=\"https:\/\/schema.org\/Blog\" ><article class=\"post-entry post-entry-type-standard post-entry-417 post-loop-1 post-parity-odd single-big with-slider post-417 post type-post status-publish format-standard has-post-thumbnail hentry category-miscellania\"  itemscope=\"itemscope\" itemtype=\"https:\/\/schema.org\/BlogPosting\" ><div class=\"big-preview single-big\"  itemprop=\"image\" itemscope=\"itemscope\" itemtype=\"https:\/\/schema.org\/ImageObject\" ><a href=\"https:\/\/aestudisreusencs.centrelectura.cat\/info\/el-boletin-de-informacion-municipal-reus-es-va-fer-resso-del-25e-aniversari-de-laer\/\"  title=\"boletin25anys\" ><img decoding=\"async\" loading=\"lazy\" width=\"845\" height=\"321\" src=\"https:\/\/aestudisreusencs.centrelectura.cat\/info\/wp-content\/uploads\/2024\/02\/boletin25anys-845x321.jpg\" class=\"wp-image-419 avia-img-lazy-loading-419 attachment-entry_with_sidebar size-entry_with_sidebar wp-post-image\" alt=\"\" \/><\/a><\/div><div class=\"blog-meta\"><\/div><div class='entry-content-wrapper clearfix standard-content'><header class=\"entry-content-header\" aria-label=\"Post: El Boletin de Informaci\u00f3n Municipal REUS es va fer ress\u00f2 del 25\u00e8 aniversari de l\u2019AER.\"><h2 class='post-title entry-title '  itemprop=\"headline\" ><a href=\"https:\/\/aestudisreusencs.centrelectura.cat\/info\/el-boletin-de-informacion-municipal-reus-es-va-fer-resso-del-25e-aniversari-de-laer\/\" rel=\"bookmark\" title=\"Permanent Link: El Boletin de Informaci\u00f3n Municipal REUS es va fer ress\u00f2 del 25\u00e8 aniversari de l\u2019AER.\">El Boletin de Informaci\u00f3n Municipal REUS es va fer ress\u00f2 del 25\u00e8 aniversari de l\u2019AER.<span class=\"post-format-icon minor-meta\"><\/span><\/a><\/h2><span class=\"post-meta-infos\"><time class=\"date-container minor-meta updated\"  itemprop=\"datePublished\" datetime=\"2024-02-21T12:29:10+01:00\" >21 de febrer de 2024<\/time><span class=\"text-sep\">\/<\/span><span class=\"comment-container minor-meta\"><a href=\"https:\/\/aestudisreusencs.centrelectura.cat\/info\/el-boletin-de-informacion-municipal-reus-es-va-fer-resso-del-25e-aniversari-de-laer\/#respond\" class=\"comments-link\" >0 Comentaris<\/a><\/span><\/span><\/header><div class=\"entry-content\"  itemprop=\"text\" ><p>Al darrer trimestre de 1977, el Boletin de Informaci\u00f3n Municipal REUS, que editava l\u2019ajuntament de l\u2019\u00e8poca, es va fer ress\u00f2 del 25\u00e8 aniversari de l\u2019AER. Cliqueu per veure el document PDF<\/p>\n<div class=\"read-more-link\"><a href=\"https:\/\/aestudisreusencs.centrelectura.cat\/info\/el-boletin-de-informacion-municipal-reus-es-va-fer-resso-del-25e-aniversari-de-laer\/\" class=\"more-link\">Llegir m\u00e9s<span class=\"more-link-arrow\"><\/span><\/a><\/div>\n<\/div><footer class=\"entry-footer\"><\/footer><div class='post_delimiter'><\/div><\/div><div class=\"post_author_timeline\"><\/div><span class='hidden'>\n\t\t\t\t<span class='av-structured-data'  itemprop=\"image\" itemscope=\"itemscope\" itemtype=\"https:\/\/schema.org\/ImageObject\" >\n\t\t\t\t\t\t<span itemprop='url'>https:\/\/aestudisreusencs.centrelectura.cat\/info\/wp-content\/uploads\/2024\/02\/boletin25anys.jpg<\/span>\n\t\t\t\t\t\t<span itemprop='height'>634<\/span>\n\t\t\t\t\t\t<span itemprop='width'>845<\/span>\n\t\t\t\t<\/span>\n\t\t\t\t<span class='av-structured-data'  itemprop=\"publisher\" itemtype=\"https:\/\/schema.org\/Organization\" itemscope=\"itemscope\" >\n\t\t\t\t\t\t<span itemprop='name'>Associaci\u00f3 d'Estudis Reusencs<\/span>\n\t\t\t\t\t\t<span itemprop='logo' itemscope itemtype='https:\/\/schema.org\/ImageObject'>\n\t\t\t\t\t\t\t<span itemprop='url'>http:\/\/aestudisreusencs.centrelectura.cat\/info\/wp-content\/uploads\/2015\/11\/logo_aer.png<\/span>\n\t\t\t\t\t\t<\/span>\n\t\t\t\t<\/span><span class='av-structured-data'  itemprop=\"author\" itemscope=\"itemscope\" itemtype=\"https:\/\/schema.org\/Person\" ><span itemprop='name'>Associaci\u00f3 d'Estudis Reusencs<\/span><\/span><span class='av-structured-data'  itemprop=\"datePublished\" datetime=\"2024-02-21T12:29:10+01:00\" >2024-02-21 12:29:10<\/span><span class='av-structured-data'  itemprop=\"dateModified\" itemtype=\"https:\/\/schema.org\/dateModified\" >2024-11-27 17:57:55<\/span><span class='av-structured-data'  itemprop=\"mainEntityOfPage\" itemtype=\"https:\/\/schema.org\/mainEntityOfPage\" ><span itemprop='name'>El Boletin de Informaci\u00f3n Municipal REUS es va fer ress\u00f2 del 25\u00e8 aniversari de l\u2019AER.<\/span><\/span><\/span><\/article><article class=\"post-entry post-entry-type-standard post-entry-313 post-loop-2 post-parity-even single-big with-slider post-313 post type-post status-publish format-standard has-post-thumbnail hentry category-miscellania\"  itemscope=\"itemscope\" itemtype=\"https:\/\/schema.org\/BlogPosting\" ><div class=\"big-preview single-big\"  itemprop=\"image\" itemscope=\"itemscope\" itemtype=\"https:\/\/schema.org\/ImageObject\" ><a href=\"https:\/\/aestudisreusencs.centrelectura.cat\/info\/un-distic-de-josep-m-arnavat-dedicat-al-dr-frias-1958\/\"  title=\"obra-poetica-arnavat-03\" ><img decoding=\"async\" loading=\"lazy\" width=\"845\" height=\"321\" src=\"https:\/\/aestudisreusencs.centrelectura.cat\/info\/wp-content\/uploads\/2017\/06\/obra-poetica-arnavat-03-845x321.jpg\" class=\"wp-image-310 avia-img-lazy-loading-310 attachment-entry_with_sidebar size-entry_with_sidebar wp-post-image\" alt=\"\" \/><\/a><\/div><div class=\"blog-meta\"><\/div><div class='entry-content-wrapper clearfix standard-content'><header class=\"entry-content-header\" aria-label=\"Post: Un d\u00edstic de Josep M. Arnavat dedicat al Dr. Frias (1958)\"><h2 class='post-title entry-title '  itemprop=\"headline\" ><a href=\"https:\/\/aestudisreusencs.centrelectura.cat\/info\/un-distic-de-josep-m-arnavat-dedicat-al-dr-frias-1958\/\" rel=\"bookmark\" title=\"Permanent Link: Un d\u00edstic de Josep M. Arnavat dedicat al Dr. Frias (1958)\">Un d\u00edstic de Josep M. Arnavat dedicat al Dr. Frias (1958)<span class=\"post-format-icon minor-meta\"><\/span><\/a><\/h2><span class=\"post-meta-infos\"><time class=\"date-container minor-meta updated\"  itemprop=\"datePublished\" datetime=\"2017-06-15T16:21:34+02:00\" >15 de juny de 2017<\/time><span class=\"text-sep\">\/<\/span><span class=\"comment-container minor-meta\"><a href=\"https:\/\/aestudisreusencs.centrelectura.cat\/info\/un-distic-de-josep-m-arnavat-dedicat-al-dr-frias-1958\/#respond\" class=\"comments-link\" >0 Comentaris<\/a><\/span><\/span><\/header><div class=\"entry-content\"  itemprop=\"text\" ><p>El passat 30 de maig es va presentar a la sala d\u2019actes del Centre de Lectura el darrer volum de l\u2019Associaci\u00f3\u00a0d\u2019Estudis Reusencs, l\u2019Obra po\u00e8tica de Josep Maria Arnavat i Vilar\u00f3, que ja \u00e9s el n\u00famero 134 de la s\u00e8rie \u201cRosa de\u00a0Reus\u201d. A m\u00e9s de l\u2019obra po\u00e8tica arnavariana, el llibre compta amb un molt ben documentat [&hellip;]<\/p>\n<div class=\"read-more-link\"><a href=\"https:\/\/aestudisreusencs.centrelectura.cat\/info\/un-distic-de-josep-m-arnavat-dedicat-al-dr-frias-1958\/\" class=\"more-link\">Llegir m\u00e9s<span class=\"more-link-arrow\"><\/span><\/a><\/div>\n<\/div><footer class=\"entry-footer\"><\/footer><div class='post_delimiter'><\/div><\/div><div class=\"post_author_timeline\"><\/div><span class='hidden'>\n\t\t\t\t<span class='av-structured-data'  itemprop=\"image\" itemscope=\"itemscope\" itemtype=\"https:\/\/schema.org\/ImageObject\" >\n\t\t\t\t\t\t<span itemprop='url'>https:\/\/aestudisreusencs.centrelectura.cat\/info\/wp-content\/uploads\/2017\/06\/obra-poetica-arnavat-03.jpg<\/span>\n\t\t\t\t\t\t<span itemprop='height'>634<\/span>\n\t\t\t\t\t\t<span itemprop='width'>845<\/span>\n\t\t\t\t<\/span>\n\t\t\t\t<span class='av-structured-data'  itemprop=\"publisher\" itemtype=\"https:\/\/schema.org\/Organization\" itemscope=\"itemscope\" >\n\t\t\t\t\t\t<span itemprop='name'>Associaci\u00f3 d'Estudis Reusencs<\/span>\n\t\t\t\t\t\t<span itemprop='logo' itemscope itemtype='https:\/\/schema.org\/ImageObject'>\n\t\t\t\t\t\t\t<span itemprop='url'>http:\/\/aestudisreusencs.centrelectura.cat\/info\/wp-content\/uploads\/2015\/11\/logo_aer.png<\/span>\n\t\t\t\t\t\t<\/span>\n\t\t\t\t<\/span><span class='av-structured-data'  itemprop=\"author\" itemscope=\"itemscope\" itemtype=\"https:\/\/schema.org\/Person\" ><span itemprop='name'>Associaci\u00f3 d'Estudis Reusencs<\/span><\/span><span class='av-structured-data'  itemprop=\"datePublished\" datetime=\"2017-06-15T16:21:34+02:00\" >2017-06-15 16:21:34<\/span><span class='av-structured-data'  itemprop=\"dateModified\" itemtype=\"https:\/\/schema.org\/dateModified\" >2024-11-27 17:58:02<\/span><span class='av-structured-data'  itemprop=\"mainEntityOfPage\" itemtype=\"https:\/\/schema.org\/mainEntityOfPage\" ><span itemprop='name'>Un d\u00edstic de Josep M. Arnavat dedicat al Dr. Frias (1958)<\/span><\/span><\/span><\/article><article class=\"post-entry post-entry-type-standard post-entry-176 post-loop-3 post-parity-odd single-big with-slider post-176 post type-post status-publish format-standard has-post-thumbnail hentry category-miscellania\"  itemscope=\"itemscope\" itemtype=\"https:\/\/schema.org\/BlogPosting\" ><div class=\"big-preview single-big\"  itemprop=\"image\" itemscope=\"itemscope\" itemtype=\"https:\/\/schema.org\/ImageObject\" ><a href=\"https:\/\/aestudisreusencs.centrelectura.cat\/info\/pintures-prehistoriques-a-la-cova-de-laleu\/\"  title=\"noti_pintures\" ><img decoding=\"async\" loading=\"lazy\" width=\"845\" height=\"321\" src=\"https:\/\/aestudisreusencs.centrelectura.cat\/info\/wp-content\/uploads\/2015\/10\/noti_pintures-845x321.jpg\" class=\"wp-image-177 avia-img-lazy-loading-177 attachment-entry_with_sidebar size-entry_with_sidebar wp-post-image\" alt=\"\" \/><\/a><\/div><div class=\"blog-meta\"><\/div><div class='entry-content-wrapper clearfix standard-content'><header class=\"entry-content-header\" aria-label=\"Post: Pintures prehist\u00f2riques a la cova de l&#8217;Aleu ?\"><h2 class='post-title entry-title '  itemprop=\"headline\" ><a href=\"https:\/\/aestudisreusencs.centrelectura.cat\/info\/pintures-prehistoriques-a-la-cova-de-laleu\/\" rel=\"bookmark\" title=\"Permanent Link: Pintures prehist\u00f2riques a la cova de l&#8217;Aleu ?\">Pintures prehist\u00f2riques a la cova de l&#8217;Aleu ?<span class=\"post-format-icon minor-meta\"><\/span><\/a><\/h2><span class=\"post-meta-infos\"><time class=\"date-container minor-meta updated\"  itemprop=\"datePublished\" datetime=\"2015-10-07T07:15:53+02:00\" >7 d'octubre de 2015<\/time><span class=\"text-sep\">\/<\/span><span class=\"comment-container minor-meta\"><a href=\"https:\/\/aestudisreusencs.centrelectura.cat\/info\/pintures-prehistoriques-a-la-cova-de-laleu\/#respond\" class=\"comments-link\" >0 Comentaris<\/a><\/span><\/span><\/header><div class=\"entry-content\"  itemprop=\"text\" ><p>La cova de l\u2018Aleu est\u00e0 situada a les muntanyes de Prades, al peu del mucheskalc o Cingle Blanc a la part anomenada, la mola de l\u2019Escol\u00e0, just entre els termes d\u2019Alforja i d\u2019Arbol\u00ed, all\u00ed on la l\u00ednia de l\u2019electricitat s\u2019enfila per l\u2019espadat. Aquesta cavitat, forma part d\u2019un conjunt de coves i balmes habitades, des de [&hellip;]<\/p>\n<div class=\"read-more-link\"><a href=\"https:\/\/aestudisreusencs.centrelectura.cat\/info\/pintures-prehistoriques-a-la-cova-de-laleu\/\" class=\"more-link\">Llegir m\u00e9s<span class=\"more-link-arrow\"><\/span><\/a><\/div>\n<\/div><footer class=\"entry-footer\"><\/footer><div class='post_delimiter'><\/div><\/div><div class=\"post_author_timeline\"><\/div><span class='hidden'>\n\t\t\t\t<span class='av-structured-data'  itemprop=\"image\" itemscope=\"itemscope\" itemtype=\"https:\/\/schema.org\/ImageObject\" >\n\t\t\t\t\t\t<span itemprop='url'>https:\/\/aestudisreusencs.centrelectura.cat\/info\/wp-content\/uploads\/2015\/10\/noti_pintures.jpg<\/span>\n\t\t\t\t\t\t<span itemprop='height'>439<\/span>\n\t\t\t\t\t\t<span itemprop='width'>845<\/span>\n\t\t\t\t<\/span>\n\t\t\t\t<span class='av-structured-data'  itemprop=\"publisher\" itemtype=\"https:\/\/schema.org\/Organization\" itemscope=\"itemscope\" >\n\t\t\t\t\t\t<span itemprop='name'>Associaci\u00f3 d'Estudis Reusencs<\/span>\n\t\t\t\t\t\t<span itemprop='logo' itemscope itemtype='https:\/\/schema.org\/ImageObject'>\n\t\t\t\t\t\t\t<span itemprop='url'>http:\/\/aestudisreusencs.centrelectura.cat\/info\/wp-content\/uploads\/2015\/11\/logo_aer.png<\/span>\n\t\t\t\t\t\t<\/span>\n\t\t\t\t<\/span><span class='av-structured-data'  itemprop=\"author\" itemscope=\"itemscope\" itemtype=\"https:\/\/schema.org\/Person\" ><span itemprop='name'>Associaci\u00f3 d'Estudis Reusencs<\/span><\/span><span class='av-structured-data'  itemprop=\"datePublished\" datetime=\"2015-10-07T07:15:53+02:00\" >2015-10-07 07:15:53<\/span><span class='av-structured-data'  itemprop=\"dateModified\" itemtype=\"https:\/\/schema.org\/dateModified\" >2017-06-15 16:14:10<\/span><span class='av-structured-data'  itemprop=\"mainEntityOfPage\" itemtype=\"https:\/\/schema.org\/mainEntityOfPage\" ><span itemprop='name'>Pintures prehist\u00f2riques a la cova de l&#8217;Aleu ?<\/span><\/span><\/span><\/article><article class=\"post-entry post-entry-type-standard post-entry-149 post-loop-4 post-parity-even post-entry-last single-big with-slider post-149 post type-post status-publish format-standard has-post-thumbnail hentry category-miscellania\"  itemscope=\"itemscope\" itemtype=\"https:\/\/schema.org\/BlogPosting\" ><div class=\"big-preview single-big\"  itemprop=\"image\" itemscope=\"itemscope\" itemtype=\"https:\/\/schema.org\/ImageObject\" ><a href=\"https:\/\/aestudisreusencs.centrelectura.cat\/info\/una-aproximacio-a-la-historia-de-lassociacio-destudis-reusencs-de-la-ma-dalbert-manent\/\"  title=\"article_02\" ><img decoding=\"async\" loading=\"lazy\" width=\"845\" height=\"321\" src=\"https:\/\/aestudisreusencs.centrelectura.cat\/info\/wp-content\/uploads\/2015\/09\/article_02-845x321.jpg\" class=\"wp-image-154 avia-img-lazy-loading-154 attachment-entry_with_sidebar size-entry_with_sidebar wp-post-image\" alt=\"\" \/><\/a><\/div><div class=\"blog-meta\"><\/div><div class='entry-content-wrapper clearfix standard-content'><header class=\"entry-content-header\" aria-label=\"Post: Una aproximaci\u00f3 a la hist\u00f2ria de l\u2019Associaci\u00f3 d\u2019Estudis Reusencs de la m\u00e0 d\u2019Albert Manent\"><h2 class='post-title entry-title '  itemprop=\"headline\" ><a href=\"https:\/\/aestudisreusencs.centrelectura.cat\/info\/una-aproximacio-a-la-historia-de-lassociacio-destudis-reusencs-de-la-ma-dalbert-manent\/\" rel=\"bookmark\" title=\"Permanent Link: Una aproximaci\u00f3 a la hist\u00f2ria de l\u2019Associaci\u00f3 d\u2019Estudis Reusencs de la m\u00e0 d\u2019Albert Manent\">Una aproximaci\u00f3 a la hist\u00f2ria de l\u2019Associaci\u00f3 d\u2019Estudis Reusencs de la m\u00e0 d\u2019Albert Manent<span class=\"post-format-icon minor-meta\"><\/span><\/a><\/h2><span class=\"post-meta-infos\"><time class=\"date-container minor-meta updated\"  itemprop=\"datePublished\" datetime=\"2015-09-16T09:57:19+02:00\" >16 de setembre de 2015<\/time><span class=\"text-sep\">\/<\/span><span class=\"comment-container minor-meta\"><a href=\"https:\/\/aestudisreusencs.centrelectura.cat\/info\/una-aproximacio-a-la-historia-de-lassociacio-destudis-reusencs-de-la-ma-dalbert-manent\/#respond\" class=\"comments-link\" >0 Comentaris<\/a><\/span><\/span><\/header><div class=\"entry-content\"  itemprop=\"text\" ><p>Interessant i documentada aproximaci\u00f3 a la hist\u00f2ria de l\u2019Associaci\u00f3 d\u2019Estudis Reusencs, que l\u2019Albert Manent va plasmar en un cap\u00edtol del llibre \u201cDel noucentisme a l\u2019exili, sobre cultura catalana del nou-cents\u201d editat el 1997 a la Biblioteca Serra d\u2019Or de les Publicacions de l\u2019Abadia de Montserrat.<\/p>\n<div class=\"read-more-link\"><a href=\"https:\/\/aestudisreusencs.centrelectura.cat\/info\/una-aproximacio-a-la-historia-de-lassociacio-destudis-reusencs-de-la-ma-dalbert-manent\/\" class=\"more-link\">Llegir m\u00e9s<span class=\"more-link-arrow\"><\/span><\/a><\/div>\n<\/div><footer class=\"entry-footer\"><\/footer><div class='post_delimiter'><\/div><\/div><div class=\"post_author_timeline\"><\/div><span class='hidden'>\n\t\t\t\t<span class='av-structured-data'  itemprop=\"image\" itemscope=\"itemscope\" itemtype=\"https:\/\/schema.org\/ImageObject\" >\n\t\t\t\t\t\t<span itemprop='url'>https:\/\/aestudisreusencs.centrelectura.cat\/info\/wp-content\/uploads\/2015\/09\/article_02.jpg<\/span>\n\t\t\t\t\t\t<span itemprop='height'>439<\/span>\n\t\t\t\t\t\t<span itemprop='width'>845<\/span>\n\t\t\t\t<\/span>\n\t\t\t\t<span class='av-structured-data'  itemprop=\"publisher\" itemtype=\"https:\/\/schema.org\/Organization\" itemscope=\"itemscope\" >\n\t\t\t\t\t\t<span itemprop='name'>Associaci\u00f3 d'Estudis Reusencs<\/span>\n\t\t\t\t\t\t<span itemprop='logo' itemscope itemtype='https:\/\/schema.org\/ImageObject'>\n\t\t\t\t\t\t\t<span itemprop='url'>http:\/\/aestudisreusencs.centrelectura.cat\/info\/wp-content\/uploads\/2015\/11\/logo_aer.png<\/span>\n\t\t\t\t\t\t<\/span>\n\t\t\t\t<\/span><span class='av-structured-data'  itemprop=\"author\" itemscope=\"itemscope\" itemtype=\"https:\/\/schema.org\/Person\" ><span itemprop='name'>Associaci\u00f3 d'Estudis Reusencs<\/span><\/span><span class='av-structured-data'  itemprop=\"datePublished\" datetime=\"2015-09-16T09:57:19+02:00\" >2015-09-16 09:57:19<\/span><span class='av-structured-data'  itemprop=\"dateModified\" itemtype=\"https:\/\/schema.org\/dateModified\" >2024-11-27 18:52:35<\/span><span class='av-structured-data'  itemprop=\"mainEntityOfPage\" itemtype=\"https:\/\/schema.org\/mainEntityOfPage\" ><span itemprop='name'>Una aproximaci\u00f3 a la hist\u00f2ria de l\u2019Associaci\u00f3 d\u2019Estudis Reusencs de la m\u00e0 d\u2019Albert Manent<\/span><\/span><\/span><\/article><div class='single-big'><\/div><\/div>\n","protected":false},"excerpt":{"rendered":"","protected":false},"author":1,"featured_media":0,"parent":0,"menu_order":0,"comment_status":"closed","ping_status":"closed","template":"","meta":{"footnotes":""},"class_list":["post-152","page","type-page","status-publish","hentry"],"_links":{"self":[{"href":"https:\/\/aestudisreusencs.centrelectura.cat\/info\/wp-json\/wp\/v2\/pages\/152","targetHints":{"allow":["GET"]}}],"collection":[{"href":"https:\/\/aestudisreusencs.centrelectura.cat\/info\/wp-json\/wp\/v2\/pages"}],"about":[{"href":"https:\/\/aestudisreusencs.centrelectura.cat\/info\/wp-json\/wp\/v2\/types\/page"}],"author":[{"embeddable":true,"href":"https:\/\/aestudisreusencs.centrelectura.cat\/info\/wp-json\/wp\/v2\/users\/1"}],"replies":[{"embeddable":true,"href":"https:\/\/aestudisreusencs.centrelectura.cat\/info\/wp-json\/wp\/v2\/comments?post=152"}],"version-history":[{"count":5,"href":"https:\/\/aestudisreusencs.centrelectura.cat\/info\/wp-json\/wp\/v2\/pages\/152\/revisions"}],"predecessor-version":[{"id":246,"href":"https:\/\/aestudisreusencs.centrelectura.cat\/info\/wp-json\/wp\/v2\/pages\/152\/revisions\/246"}],"wp:attachment":[{"href":"https:\/\/aestudisreusencs.centrelectura.cat\/info\/wp-json\/wp\/v2\/media?parent=152"}],"curies":[{"name":"wp","href":"https:\/\/api.w.org\/{rel}","templated":true}]}}