{"id":553,"date":"2024-12-19T10:05:43","date_gmt":"2024-12-19T09:05:43","guid":{"rendered":"https:\/\/aestudisreusencs.centrelectura.cat\/info\/?page_id=553"},"modified":"2024-12-19T12:23:31","modified_gmt":"2024-12-19T11:23:31","slug":"publicacions-digitals","status":"publish","type":"page","link":"https:\/\/aestudisreusencs.centrelectura.cat\/info\/publicacions-digitals\/","title":{"rendered":"Publicacions digitals"},"content":{"rendered":"\n<style type=\"text\/css\" data-created_by=\"avia_inline_auto\" id=\"style-css-av-17r7zl-ad4dee7c1506083779be70f00af065e9\">\n.flex_column.av-17r7zl-ad4dee7c1506083779be70f00af065e9{\nborder-radius:0px 0px 0px 0px;\npadding:0px 0px 0px 0px;\n}\n<\/style>\n<div  class='flex_column av-17r7zl-ad4dee7c1506083779be70f00af065e9 av_one_full  avia-builder-el-0  el_before_av_one_full  avia-builder-el-first  first flex_column_div av-zero-column-padding  '     ><style type=\"text\/css\" data-created_by=\"avia_inline_auto\" id=\"style-css-av-m4v3gdhb-7828465e183e7f766cc02a5f8639bbae\">\n#top .av_textblock_section.av-m4v3gdhb-7828465e183e7f766cc02a5f8639bbae .avia_textblock{\nfont-size:16px;\n}\n<\/style>\n<section  class='av_textblock_section av-m4v3gdhb-7828465e183e7f766cc02a5f8639bbae '   itemscope=\"itemscope\" itemtype=\"https:\/\/schema.org\/CreativeWork\" ><div class='avia_textblock'  itemprop=\"text\" ><p style=\"text-align: center;\">Fidels als nostres or\u00edgens i finalitats, per\u00f2 actualitzats a les noves t\u00e8cniques de difusi\u00f3 digitals, us presentem un nou apartat del nostre web on publicarem en format digital, en PDF, que podreu veure i\/o descarregar, llibres que pel seu disseny i format no \u00e9s adient editar en el format tradicional de les Edicions Rosa de Reus, per\u00f2 que creiem que poden tenir inter\u00e8s pels nostres socis, estudiosos i p\u00fablic en general. \u00c9s, en definitiva, una altra manera d&#8217;oferir als socis i a tots els interessats, publicacions d&#8217;inter\u00e8s per Reus, la seva comarca i la seva \u00e0rea d&#8217;influ\u00e8ncia.<\/p>\n<\/div><\/section><\/div>\n\n<style type=\"text\/css\" data-created_by=\"avia_inline_auto\" id=\"style-css-av-dk2x-0b674ae7b0c4baba911c2687942b674b\">\n.flex_column.av-dk2x-0b674ae7b0c4baba911c2687942b674b{\nborder-radius:0px 0px 0px 0px;\npadding:0px 0px 0px 0px;\n}\n<\/style>\n<div  class='flex_column av-dk2x-0b674ae7b0c4baba911c2687942b674b av_one_full  avia-builder-el-2  el_after_av_one_full  el_before_av_one_full  first flex_column_div av-zero-column-padding  column-top-margin'     ><style type=\"text\/css\" data-created_by=\"avia_inline_auto\" id=\"style-css-av-m4v3gxaj-8a20ee2672a6d33a86f1d5d28ba705f2\">\n#top .av-special-heading.av-m4v3gxaj-8a20ee2672a6d33a86f1d5d28ba705f2{\npadding-bottom:10px;\n}\nbody .av-special-heading.av-m4v3gxaj-8a20ee2672a6d33a86f1d5d28ba705f2 .av-special-heading-tag .heading-char{\nfont-size:25px;\n}\n.av-special-heading.av-m4v3gxaj-8a20ee2672a6d33a86f1d5d28ba705f2 .av-subheading{\nfont-size:15px;\n}\n<\/style>\n<div  class='av-special-heading av-m4v3gxaj-8a20ee2672a6d33a86f1d5d28ba705f2 av-special-heading-h3 blockquote modern-quote modern-centered  avia-builder-el-3  avia-builder-el-no-sibling '><h3 class='av-special-heading-tag '  itemprop=\"headline\"  >Llibres digitals publicats sota el segell <span class='special_amp'>&#8220;<\/span>Edicions Rosa de Reus<span class='special_amp'>&#8221;<\/span><\/h3><div class=\"special-heading-border\"><div class=\"special-heading-inner-border\"><\/div><\/div><\/div><\/div>\n\n<style type=\"text\/css\" data-created_by=\"avia_inline_auto\" id=\"style-css-av-ad7m1-d2fe637dbb8915cce84337652b50a72d\">\n.flex_column.av-ad7m1-d2fe637dbb8915cce84337652b50a72d{\nborder-radius:10px 10px 10px 10px;\npadding:20px 20px 20px 20px;\nbackground-color:#f9f9f9;\n}\n<\/style>\n<div  class='flex_column av-ad7m1-d2fe637dbb8915cce84337652b50a72d av_one_full  avia-builder-el-4  el_after_av_one_full  el_before_av_one_full  first flex_column_div  column-top-margin'     ><p>\n<style type=\"text\/css\" data-created_by=\"avia_inline_auto\" id=\"style-css-av-m4v4r5t0-9c9609bb561721ad92f26cfe6e8314cd\">\n#top .av-special-heading.av-m4v4r5t0-9c9609bb561721ad92f26cfe6e8314cd{\npadding-bottom:10px;\n}\nbody .av-special-heading.av-m4v4r5t0-9c9609bb561721ad92f26cfe6e8314cd .av-special-heading-tag .heading-char{\nfont-size:25px;\n}\n.av-special-heading.av-m4v4r5t0-9c9609bb561721ad92f26cfe6e8314cd .av-subheading{\nfont-size:15px;\n}\n<\/style>\n<div  class='av-special-heading av-m4v4r5t0-9c9609bb561721ad92f26cfe6e8314cd av-special-heading-h4 blockquote modern-quote  avia-builder-el-5  el_before_av_buttonrow  avia-builder-el-first '><h4 class='av-special-heading-tag '  itemprop=\"headline\"  >\u00c0lbum del Catalanisme a Reus. Del republicanisme federal a l\u2019independentisme.<\/h4><div class='av-subheading av-subheading_below'><p>Albert Arnavat (dir), Xavier Milian i Guillem Puig<\/p>\n<\/div><div class=\"special-heading-border\"><div class=\"special-heading-inner-border\"><\/div><\/div><\/div><br \/>\n<div  class='avia-buttonrow-wrap av-m4v4xbyh-b0d8ce0238174a5b1eb62a4308a68008 avia-buttonrow-left  avia-builder-el-6  el_after_av_heading  el_before_av_hr '>\n\n<style type=\"text\/css\" data-created_by=\"avia_inline_auto\" id=\"style-css-av-m4v4vlr5-63bd12244ebd5658200546fadb438e9e\">\n#top #wrap_all .avia-button.av-m4v4vlr5-63bd12244ebd5658200546fadb438e9e{\nmargin-bottom:5px;\nmargin-right:5px;\n}\n<\/style>\n<a href='#autors'  class='avia-button av-m4v4vlr5-63bd12244ebd5658200546fadb438e9e avia-icon_select-yes-left-icon avia-size-large avia-color-theme-color'   aria-label=\" Els autors\"><span class='avia_button_icon avia_button_icon_left ' aria-hidden='true' data-av_icon='\ue80b' data-av_iconfont='entypo-fontello'><\/span><span class='avia_iconbox_title' > Els autors<\/span><\/a>\n\n<style type=\"text\/css\" data-created_by=\"avia_inline_auto\" id=\"style-css-av-m4v4w4l5-ce84e0a88bbd61ecea83ef43b91e6e11\">\n#top #wrap_all .avia-button.av-m4v4w4l5-ce84e0a88bbd61ecea83ef43b91e6e11{\nmargin-bottom:5px;\nmargin-right:5px;\n}\n<\/style>\n<a href='#sinopsi'  class='avia-button av-m4v4w4l5-ce84e0a88bbd61ecea83ef43b91e6e11 avia-icon_select-yes-left-icon avia-size-large avia-color-theme-color'   aria-label=\" Sinopsi\"><span class='avia_button_icon avia_button_icon_left ' aria-hidden='true' data-av_icon='\ue84c' data-av_iconfont='entypo-fontello'><\/span><span class='avia_iconbox_title' > Sinopsi<\/span><\/a>\n\n<style type=\"text\/css\" data-created_by=\"avia_inline_auto\" id=\"style-css-av-m4v4w4l5-1-204453b444e454810b0a518b7c17d589\">\n#top #wrap_all .avia-button.av-m4v4w4l5-1-204453b444e454810b0a518b7c17d589{\nmargin-bottom:5px;\nmargin-right:5px;\n}\n<\/style>\n<a href='https:\/\/aestudisreusencs.centrelectura.cat\/info\/llibres\/AER Digital ALBUM_CATALANISME_REUS - Albert Arnavat.pdf'  class='avia-button av-m4v4w4l5-1-204453b444e454810b0a518b7c17d589 avia-icon_select-yes-left-icon avia-size-large avia-color-theme-color'  target=\"_blank\"  rel=\"noopener noreferrer\"  aria-label=\" Descarregar\/veure PDF\"><span class='avia_button_icon avia_button_icon_left ' aria-hidden='true' data-av_icon='\ue887' data-av_iconfont='entypo-fontello'><\/span><span class='avia_iconbox_title' > Descarregar\/veure PDF<\/span><\/a>\n<\/div><br \/>\n\n<style type=\"text\/css\" data-created_by=\"avia_inline_auto\" id=\"style-css-av-m4v4tnzl-457c59b7c80c10eaf899786b0f725d96\">\n#top .hr.hr-invisible.av-m4v4tnzl-457c59b7c80c10eaf899786b0f725d96{\nheight:10px;\n}\n<\/style>\n<div  class='hr av-m4v4tnzl-457c59b7c80c10eaf899786b0f725d96 hr-invisible  avia-builder-el-7  el_after_av_buttonrow  el_before_av_image '><span class='hr-inner '><span class=\"hr-inner-style\"><\/span><\/span><\/div><br \/>\n\n<style type=\"text\/css\" data-created_by=\"avia_inline_auto\" id=\"style-css-av-m4v4iygp-8a874f82295c3a864487abdd6c80b344\">\n.avia-image-container.av-m4v4iygp-8a874f82295c3a864487abdd6c80b344 img.avia_image{\nbox-shadow:none;\n}\n.avia-image-container.av-m4v4iygp-8a874f82295c3a864487abdd6c80b344 .av-image-caption-overlay-center{\ncolor:#ffffff;\n}\n<\/style>\n<div  class='avia-image-container av-m4v4iygp-8a874f82295c3a864487abdd6c80b344 av-styling- avia-align-center  avia-builder-el-8  el_after_av_hr  avia-builder-el-last '   itemprop=\"image\" itemscope=\"itemscope\" itemtype=\"https:\/\/schema.org\/ImageObject\" ><div class=\"avia-image-container-inner\"><div class=\"avia-image-overlay-wrap\"><img decoding=\"async\" fetchpriority=\"high\" class='wp-image-560 avia-img-lazy-loading-not-560 avia_image ' src=\"https:\/\/aestudisreusencs.centrelectura.cat\/info\/wp-content\/uploads\/2024\/12\/estat_catala.jpg\" alt='Imatge coberta de l&#039;\u00c0lbum del Catalanisme a Reus. Del republicanisme federal a l&#039;independentisme. - Albert Arnavat (dir), Xavier Millan i Guillem Puig' title='estat_catala'  height=\"1178\" width=\"1920\"  itemprop=\"thumbnailUrl\" srcset=\"https:\/\/aestudisreusencs.centrelectura.cat\/info\/wp-content\/uploads\/2024\/12\/estat_catala.jpg 1920w, https:\/\/aestudisreusencs.centrelectura.cat\/info\/wp-content\/uploads\/2024\/12\/estat_catala-300x184.jpg 300w, https:\/\/aestudisreusencs.centrelectura.cat\/info\/wp-content\/uploads\/2024\/12\/estat_catala-1030x632.jpg 1030w, https:\/\/aestudisreusencs.centrelectura.cat\/info\/wp-content\/uploads\/2024\/12\/estat_catala-768x471.jpg 768w, https:\/\/aestudisreusencs.centrelectura.cat\/info\/wp-content\/uploads\/2024\/12\/estat_catala-1536x942.jpg 1536w, https:\/\/aestudisreusencs.centrelectura.cat\/info\/wp-content\/uploads\/2024\/12\/estat_catala-1500x920.jpg 1500w, https:\/\/aestudisreusencs.centrelectura.cat\/info\/wp-content\/uploads\/2024\/12\/estat_catala-705x433.jpg 705w\" sizes=\"(max-width: 1920px) 100vw, 1920px\" \/><\/div><\/div><\/div><\/p><\/div>\n<style type=\"text\/css\" data-created_by=\"avia_inline_auto\" id=\"style-css-av-hrey1-049e66db645c05932649f3ad19f9c3e4\">\n.flex_column.av-hrey1-049e66db645c05932649f3ad19f9c3e4{\nborder-radius:10px 10px 10px 10px;\npadding:20px 20px 20px 20px;\nbackground-color:#423928;\n}\n<\/style>\n<div  id=\"sinopsi\"  class='flex_column av-hrey1-049e66db645c05932649f3ad19f9c3e4 av_one_full  avia-builder-el-9  el_after_av_one_full  el_before_av_one_full  first flex_column_div  column-top-margin'     ><p>\n<style type=\"text\/css\" data-created_by=\"avia_inline_auto\" id=\"style-css-av-m4v5b56z-a832f546bd7e29aef3d66e205a8c1832\">\n#top .av-special-heading.av-m4v5b56z-a832f546bd7e29aef3d66e205a8c1832{\npadding-bottom:10px;\ncolor:#ffffff;\n}\nbody .av-special-heading.av-m4v5b56z-a832f546bd7e29aef3d66e205a8c1832 .av-special-heading-tag .heading-char{\nfont-size:25px;\n}\n.av-special-heading.av-m4v5b56z-a832f546bd7e29aef3d66e205a8c1832 .special-heading-inner-border{\nborder-color:#ffffff;\n}\n.av-special-heading.av-m4v5b56z-a832f546bd7e29aef3d66e205a8c1832 .av-subheading{\nfont-size:15px;\n}\n<\/style>\n<div  class='av-special-heading av-m4v5b56z-a832f546bd7e29aef3d66e205a8c1832 av-special-heading-h3 custom-color-heading blockquote modern-quote  avia-builder-el-10  el_before_av_hr  avia-builder-el-first '><h3 class='av-special-heading-tag '  itemprop=\"headline\"  >Sinopsi<\/h3><div class=\"special-heading-border\"><div class=\"special-heading-inner-border\"><\/div><\/div><\/div><br \/>\n\n<style type=\"text\/css\" data-created_by=\"avia_inline_auto\" id=\"style-css-av-9asw9-a37bae6fddf6abb3f7f6651f25f7feb1\">\n#top .hr.hr-invisible.av-9asw9-a37bae6fddf6abb3f7f6651f25f7feb1{\nheight:10px;\n}\n<\/style>\n<div  class='hr av-9asw9-a37bae6fddf6abb3f7f6651f25f7feb1 hr-invisible  avia-builder-el-11  el_after_av_heading  el_before_av_textblock '><span class='hr-inner '><span class=\"hr-inner-style\"><\/span><\/span><\/div><br \/>\n\n<style type=\"text\/css\" data-created_by=\"avia_inline_auto\" id=\"style-css-av-m4v5bo5p-4c51cc941cdd92be38732536baa9cff0\">\n#top .av_textblock_section.av-m4v5bo5p-4c51cc941cdd92be38732536baa9cff0 .avia_textblock{\ncolor:#ffffff;\n}\n<\/style>\n<section  class='av_textblock_section av-m4v5bo5p-4c51cc941cdd92be38732536baa9cff0 '   itemscope=\"itemscope\" itemtype=\"https:\/\/schema.org\/CreativeWork\" ><div class='avia_textblock av_inherit_color'  itemprop=\"text\" ><p>Aquest llibre, dirigit per Albert Arnavat, recull m\u00e9s de 700 imatges \u2013gravats, fotografies, premsa, peces d\u2019art, gr\u00e0fica impresa, etc.\u2013 les m\u00e9s significatives, a criteri dels autors, de la hist\u00f2ria del catalanisme a la ciutat de Reus en les seves diverses variants i tend\u00e8ncies, des dels seus or\u00edgens hist\u00f2rics m\u00e9s reculats, fins l\u2019actualitat, sense biaix partidista. Abra\u00e7a tamb\u00e9 l\u2019activitat de destacats catalanistes reusencs, i dels pobles de la comarca del Baix Camp, m\u00e9s enll\u00e0 de la ciutat. Un moviment catalanista que, a la segona ciutat de Catalunya en demografia des de mitjans del segle XVIII fins al 1910, ha estat especialment important, esdevenint la capital del catalanisme arreu de la Catalunya meridional.<\/p>\n<p>El llibre est\u00e0 organitzat en vuit cap\u00edtols que corresponen als diferents per\u00edodes de l\u2019evoluci\u00f3 d\u2019aquest moviment social i pol\u00edtic, que intenten explicar el passat col\u00b7lectiu, all\u00f2 que ha configurat el nostre entorn vital, com a reusencs i com a catalans. Tot i que el centre d\u2019atenci\u00f3 \u00e9s la societat reusenca, tamb\u00e9 s\u2019inclouen excepcionalment, quan la seva import\u00e0ncia ho fa necessari, refer\u00e8ncies a esdeveniments i personatges de pobles de la seva \u00e0rea d\u2019influ\u00e8ncia, com el Baix Camp i el Priorat. Tamb\u00e9, en un parell d\u2019ocasions, s\u2019han utilitzat imatges de m\u00e9s enll\u00e0 d\u2019aquest entorn, quan ajuden a explicar visualment els fets explicats. El resultat final que teniu a les mans, aquest llibre digital, \u00e9s el fru\u00eft d\u2019una recerca sistem\u00e0tica iniciada per qui us parla, el director del projecte, des dels inicis de la seva activitat com a historiador llicenciat, un ja lluny\u00e0 any de 1985 \u2013quan vaig publicar el meu primer llibre, a les Edicions del Centre de Lectura de Reus\u2013, i continuat intensament amb els altres autors, bons coneixedors d\u2019aquesta tem\u00e0tica, en els darrers mesos.<\/p>\n<\/div><\/section><\/p><\/div><\/p>\n\n<style type=\"text\/css\" data-created_by=\"avia_inline_auto\" id=\"style-css-av-g94gx-290260bfb71c29de7be27119e6f50163\">\n.flex_column.av-g94gx-290260bfb71c29de7be27119e6f50163{\nborder-radius:10px 10px 10px 10px;\npadding:20px 20px 20px 20px;\nbackground-color:#f9f9f9;\n}\n<\/style>\n<div  id=\"autors\"  class='flex_column av-g94gx-290260bfb71c29de7be27119e6f50163 av_one_full  avia-builder-el-13  el_after_av_one_full  el_before_av_one_full  first flex_column_div  column-top-margin'     ><p>\n<style type=\"text\/css\" data-created_by=\"avia_inline_auto\" id=\"style-css-av-m4v5464z-d82c4cf3b8c4f814d42bc620fc7b20d1\">\n#top .av-special-heading.av-m4v5464z-d82c4cf3b8c4f814d42bc620fc7b20d1{\npadding-bottom:10px;\n}\nbody .av-special-heading.av-m4v5464z-d82c4cf3b8c4f814d42bc620fc7b20d1 .av-special-heading-tag .heading-char{\nfont-size:25px;\n}\n.av-special-heading.av-m4v5464z-d82c4cf3b8c4f814d42bc620fc7b20d1 .av-subheading{\nfont-size:15px;\n}\n<\/style>\n<div  class='av-special-heading av-m4v5464z-d82c4cf3b8c4f814d42bc620fc7b20d1 av-special-heading-h3 blockquote modern-quote  avia-builder-el-14  el_before_av_hr  avia-builder-el-first '><h3 class='av-special-heading-tag '  itemprop=\"headline\"  >Els Autors<\/h3><div class=\"special-heading-border\"><div class=\"special-heading-inner-border\"><\/div><\/div><\/div><br \/>\n\n<style type=\"text\/css\" data-created_by=\"avia_inline_auto\" id=\"style-css-av-71iyx-45d906c805c0e447a3e6d3c8e076e8a5\">\n#top .hr.hr-invisible.av-71iyx-45d906c805c0e447a3e6d3c8e076e8a5{\nheight:10px;\n}\n<\/style>\n<div  class='hr av-71iyx-45d906c805c0e447a3e6d3c8e076e8a5 hr-invisible  avia-builder-el-15  el_after_av_heading  el_before_av_textblock '><span class='hr-inner '><span class=\"hr-inner-style\"><\/span><\/span><\/div><br \/>\n<section  class='av_textblock_section av-m4v55vka-88e694b05d07b8f5053af5c8536fe1f4 '   itemscope=\"itemscope\" itemtype=\"https:\/\/schema.org\/CreativeWork\" ><div class='avia_textblock'  itemprop=\"text\" ><p><strong>Albert Arnavat<\/strong><\/p>\n<p>(Reus, 1961) Doctor en Hist\u00f2ria Contempor\u00e0nia per la Universitat de Barcelona, \u00e9s docent investigador titular a la Universidad T\u00e9cnica del Norte, a la Rep\u00fablica del Ecuador. Ha estat professor a la Universitat Rovira i Virgili de Tarragona. Les seves l\u00ednies de recerca abasten les relacions de la hist\u00f2ria i la imatge, la publicitat i la hist\u00f2ria de l\u2019art. Membre d\u2019equips interdisciplinaris de recerca d\u2019universitats europees i americanes, els resultats dels seus projectes han estat publicats en llibres i revistes especialitzades. Ha participat com a ponent en congressos internacionals. Ha exercit de dissenyador i assessor de comunicaci\u00f3 especialitzat en projectes editorials i \u00e9s autor de m\u00e9s de noranta llibres, articles i pon\u00e8ncies, entre els que destaquen <em>Kif y Orientalismo: el<\/em> <em>cannabis y los viajeros y artistas en Marruecos<\/em> (2024); <em>Fortuny i Reus. La construcci\u00f3 d\u2019un<\/em> <em>mite<\/em> (2021); <em>Modernity, Heritage and Identity<\/em> (2019). 1<em>.000 imatges de la Hist\u00f2ria de Reus<\/em> (2011); <em>Catalunya y el Marroc al s. XIX. Visions<\/em> <em>d\u2019hist\u00f2ria cultural<\/em> (2001); <em>Reus 1900, segona<\/em> <em>ciutat de Catalunya<\/em> (1998), <em>Publicitat comercial\u00a0<\/em><em>a Reus <\/em>(1996 i 2000) i <em>Moviments socials a Reus 1808-1874 <\/em>(1992), entre altres.<\/p>\n<\/div><\/section><\/p><\/div>\n\n<style type=\"text\/css\" data-created_by=\"avia_inline_auto\" id=\"style-css-av-ousm9-d7b4a5290769a4dacfff1d715e73e82a\">\n.flex_column.av-ousm9-d7b4a5290769a4dacfff1d715e73e82a{\nborder-radius:10px 10px 10px 10px;\npadding:20px 20px 20px 20px;\nbackground-color:#f9f9f9;\n}\n<\/style>\n<div  class='flex_column av-ousm9-d7b4a5290769a4dacfff1d715e73e82a av_one_full  avia-builder-el-17  el_after_av_one_full  el_before_av_one_full  first flex_column_div  column-top-margin'     ><section  class='av_textblock_section av-lucap-0d089a4f8dffe49858777158aa403511 '   itemscope=\"itemscope\" itemtype=\"https:\/\/schema.org\/CreativeWork\" ><div class='avia_textblock'  itemprop=\"text\" ><p><strong>Xavier Milian<\/strong><\/p>\n<p>(Reus, 1984) Llicenciat en Hist\u00f2ria per la Universitat de Barcelona i Llicenciat en Periodisme per la Universitat Rovira i Virgili de Tarragona. M\u00e0ster en An\u00e0lisi pol\u00edtica a la Universitat Oberta de Catalunya, Professorat de secund\u00e0ria per la Universitat Rovira i Virgili i Estudis Avan\u00e7ats en l&#8217;Administraci\u00f3 i Dret P\u00fablic per la mateixa universitat. Doctor en Dret per la Universitat de Val\u00e8ncia. Ha publicat els llibres <em>Andreu Nin. L&#8217;incendi perdurable. La qu\u0308esti\u00f3 nacional a l&#8217;Estat espanyol<\/em> (Lo Diable Gros, 2017); <em>El poder del poble. L&#8217;autoorganitzaci\u00f3 ve\u00efnal dels CDR<\/em> (Sembra Llibres, 2019); <em>Sortim de l&#8217;UCI. Proposta per una sanitat p\u00fablica<\/em> (Tigre de Paper, 2020); <em>Una nova panor\u00e0mica de la hist\u00f2ria del catalanisme<\/em> (Pag\u00e8s Editors, 2021); i <em>100 anys de marxisme <\/em><em>i qu\u0308esti\u00f3 nacional als Pa\u00efsos Catalans (1910-<\/em><em>2010) <\/em>(Tigre de Paper, 2022). \u00c9s codirector de la col\u00b7lecci\u00f3 Fil Roig, editada conjuntament per Lo Diable Gros i Tigre de Paper, amb els quals ha publicat <em>Republicanisme, catalanisme i socialisme. Gabriel Alomar<\/em> (2021) i <em>Mem\u00f2ries d&#8217;un veter\u00e0 de la Rep\u00fablica. Antoni Feliu i Codina<\/em> (2022).<\/p>\n<\/div><\/section><\/div>\n\n<style type=\"text\/css\" data-created_by=\"avia_inline_auto\" id=\"style-css-av-dkl5t-02db2bffb1364519a425c1a8c0638f52\">\n.flex_column.av-dkl5t-02db2bffb1364519a425c1a8c0638f52{\nborder-radius:10px 10px 10px 10px;\npadding:20px 20px 20px 20px;\nbackground-color:#f9f9f9;\n}\n<\/style>\n<div  class='flex_column av-dkl5t-02db2bffb1364519a425c1a8c0638f52 av_one_full  avia-builder-el-19  el_after_av_one_full  avia-builder-el-last  first flex_column_div  column-top-margin'     ><section  class='av_textblock_section av-74t0x-a23d6e005ceaefb9b306999b868105a2 '   itemscope=\"itemscope\" itemtype=\"https:\/\/schema.org\/CreativeWork\" ><div class='avia_textblock'  itemprop=\"text\" ><p><strong>Guillem Puig<\/strong><\/p>\n<p>(La Selva del Camp, 1989) Graduat en Hist\u00f2ria per la Universitat Rovira i Virgili de Tarragona i M\u00e0ster en Hist\u00f2ria Contempor\u00e0nia per la Universitat Aut\u00f2noma de Barcelona. Professor i Doctor en Historia Contempor\u00e0nia a la Universitat Rovira i Virgili, les seves l\u00ednies de recerca estan centrades en la col\u00b7lectivitzaci\u00f3 de la terra a Catalunya durant la Guerra Civil espanyola. Destaca el seu inter\u00e8s per la protesta pagesa, els moviments socials i les pautes de sociabilitat popular i de l\u2019elit a la Catalunya rural durant el per\u00edode contemporani, unes qu\u0308estions sobre les qual ha publicat en diverses revistes especialitzades, monografies i obres col\u00b7lectives. Fou membre fundador del Casal Popular La Raconera de la Selva del Camp i ha estat president del Centre d\u2019Estudis Selvatans i editor del butllet\u00ed de la mateixa entitat. \u00c9s autor de La taula del mirall. L\u2019Ateneu i l\u2019associacionisme cultural i pol\u00edtic a la Selva del Camp (1878-1979) (Afers, 2018) i en l\u2019actualitat \u00e9s investigador postdoctoral \u00abMargarita Salas\u00bb al Centre d\u2019Estudis Hist\u00f2rics Internacionals de la Universitat de Barcelona<\/p>\n<\/div><\/section><\/div>\n","protected":false},"excerpt":{"rendered":"","protected":false},"author":1,"featured_media":0,"parent":0,"menu_order":0,"comment_status":"closed","ping_status":"closed","template":"","meta":{"footnotes":""},"class_list":["post-553","page","type-page","status-publish","hentry"],"_links":{"self":[{"href":"https:\/\/aestudisreusencs.centrelectura.cat\/info\/wp-json\/wp\/v2\/pages\/553","targetHints":{"allow":["GET"]}}],"collection":[{"href":"https:\/\/aestudisreusencs.centrelectura.cat\/info\/wp-json\/wp\/v2\/pages"}],"about":[{"href":"https:\/\/aestudisreusencs.centrelectura.cat\/info\/wp-json\/wp\/v2\/types\/page"}],"author":[{"embeddable":true,"href":"https:\/\/aestudisreusencs.centrelectura.cat\/info\/wp-json\/wp\/v2\/users\/1"}],"replies":[{"embeddable":true,"href":"https:\/\/aestudisreusencs.centrelectura.cat\/info\/wp-json\/wp\/v2\/comments?post=553"}],"version-history":[{"count":27,"href":"https:\/\/aestudisreusencs.centrelectura.cat\/info\/wp-json\/wp\/v2\/pages\/553\/revisions"}],"predecessor-version":[{"id":589,"href":"https:\/\/aestudisreusencs.centrelectura.cat\/info\/wp-json\/wp\/v2\/pages\/553\/revisions\/589"}],"wp:attachment":[{"href":"https:\/\/aestudisreusencs.centrelectura.cat\/info\/wp-json\/wp\/v2\/media?parent=553"}],"curies":[{"name":"wp","href":"https:\/\/api.w.org\/{rel}","templated":true}]}}